{"id":1474,"date":"2024-12-02T21:31:39","date_gmt":"2024-12-02T21:31:39","guid":{"rendered":"https:\/\/balidecor.net\/?post_type=product&#038;p=1474"},"modified":"2026-03-18T11:23:12","modified_gmt":"2026-03-18T08:23:12","slug":"dekorafit-el-yapimi-bali-semsiye","status":"publish","type":"product","link":"https:\/\/balidecor.net\/en\/products\/dekorafit-el-yapimi-bali-semsiye\/","title":{"rendered":"Beyaz Keten Mini Bali \u015eemsiyesi..."},"content":{"rendered":"<p>Do\u011fall\u0131\u011f\u0131n ve zarafetin bulu\u015ftu\u011fu bu el yap\u0131m\u0131 Bali \u015femsiyesi, ya\u015fam alan\u0131n\u0131za huzur dolu bir atmosfer katmak i\u00e7in tasarland\u0131.<br \/>\n60\u202fcm y\u00fcksekli\u011findeki bu \u00f6zel par\u00e7a, Bali Adas\u0131\u2019n\u0131n geleneksel el i\u015f\u00e7ili\u011fini yans\u0131t\u0131r.<br \/>\n\u2022 Beyaz keten kuma\u015f\u0131 ve ince i\u015flenmi\u015f detaylar\u0131yla dekoratif olarak fark yarat\u0131r.<br \/>\n\u2022 Alt k\u0131sm\u0131nda yer alan masif ah\u015fap ayaklar\u0131, \u00fcr\u00fcne dengeli ve do\u011fal bir duru\u015f kazand\u0131r\u0131r.<br \/>\n\u2022Evimizin her k\u00f6\u015fesinde,salonumuzda,oturmaodalar\u0131,teras ve balkonlar\u0131m\u0131zda, Meditasyon alanlar\u0131nda, kitap k\u00f6\u015felerinde veya spirit\u00fcel k\u00f6\u015fe d\u00fczenlemelerinde kullan\u0131ma uygundur.<\/p>\n<p>Bali ruhunu evinize ta\u015f\u0131mak istiyorsan\u0131z, bu zarif mini \u015femsiye do\u011fru se\u00e7im. &#x1f338;<\/p>","protected":false},"excerpt":{"rendered":"<p>60\u202fcm y\u00fcksekli\u011finde, el yap\u0131m\u0131, beyaz keten kuma\u015fl\u0131, ah\u015fap ayakl\u0131 dekoratif Bali \u015femsiyesi. Metal \u00e7\u0131ng\u0131rakl\u0131 ve geleneksel detaylarla s\u00fcslenmi\u015ftir.<\/p>","protected":false},"featured_media":2466,"comment_status":"open","ping_status":"closed","template":"","meta":{"_monsterinsights_skip_tracking":false,"_monsterinsights_sitenote_active":false,"_monsterinsights_sitenote_note":"","_monsterinsights_sitenote_category":0},"product_brand":[],"product_cat":[152],"product_tag":[195,194],"class_list":{"0":"post-1474","1":"product","2":"type-product","3":"status-publish","4":"has-post-thumbnail","6":"product_cat-dekoratif-semsiye","7":"product_tag-ahsap-detayli-semsiye","8":"product_tag-kumas-semsiye","9":"product_shipping_class-istanbul-ici-buyuk-urun","11":"first","12":"instock","13":"sale","14":"taxable","15":"shipping-taxable","16":"purchasable","17":"product-type-simple"},"yoast_head":"<!-- This site is optimized with the Yoast SEO plugin v26.7 - https:\/\/yoast.com\/wordpress\/plugins\/seo\/ -->\n<title>Beyaz Keten Mini Bali \u015eemsiyesi | El \u0130\u015f\u00e7ili\u011fi Ah\u015fap Ayakl\u0131 65\u202fcm - Bali Decor<\/title>\n<meta name=\"description\" content=\"Dayan\u0131kl\u0131 kuma\u015f ve ah\u015fap detaylar\u0131yla tasarlanan bu \u015f\u0131k \u00fcr\u00fcn, zamans\u0131z tasar\u0131m\u0131yla her k\u0131yafete uyum sa\u011flar. Do\u011faya duyarl\u0131 ve uzun \u00f6m\u00fcrl\u00fc kullan\u0131m sunar.\" \/>\n<meta name=\"robots\" content=\"index, follow, max-snippet:-1, max-image-preview:large, max-video-preview:-1\" \/>\n<link rel=\"canonical\" href=\"https:\/\/balidecor.net\/en\/products\/dekorafit-el-yapimi-bali-semsiye\/\" \/>\n<meta property=\"og:locale\" content=\"en_US\" \/>\n<meta property=\"og:type\" content=\"article\" \/>\n<meta property=\"og:title\" content=\"Beyaz Keten Mini Bali \u015eemsiyesi | El \u0130\u015f\u00e7ili\u011fi Ah\u015fap Ayakl\u0131 65\u202fcm - Bali Decor\" \/>\n<meta property=\"og:description\" content=\"Dayan\u0131kl\u0131 kuma\u015f ve ah\u015fap detaylar\u0131yla tasarlanan bu \u015f\u0131k \u00fcr\u00fcn, zamans\u0131z tasar\u0131m\u0131yla her k\u0131yafete uyum sa\u011flar. Do\u011faya duyarl\u0131 ve uzun \u00f6m\u00fcrl\u00fc kullan\u0131m sunar.\" \/>\n<meta property=\"og:url\" content=\"https:\/\/balidecor.net\/en\/products\/dekorafit-el-yapimi-bali-semsiye\/\" \/>\n<meta property=\"og:site_name\" content=\"Bali Decor\" \/>\n<meta property=\"article:modified_time\" content=\"2026-03-18T08:23:12+00:00\" \/>\n<meta property=\"og:image\" content=\"https:\/\/balidecor.net\/wp-content\/uploads\/2024\/12\/bali-s\u0327emsiye-65-cm.jpg\" \/>\n\t<meta property=\"og:image:width\" content=\"1792\" \/>\n\t<meta property=\"og:image:height\" content=\"2400\" \/>\n\t<meta property=\"og:image:type\" content=\"image\/jpeg\" \/>\n<meta name=\"twitter:card\" content=\"summary_large_image\" \/>\n<meta name=\"twitter:label1\" content=\"Est. reading time\" \/>\n\t<meta name=\"twitter:data1\" content=\"1 minute\" \/>\n<script type=\"application\/ld+json\" class=\"yoast-schema-graph\">{\"@context\":\"https:\/\/schema.org\",\"@graph\":[{\"@type\":\"WebPage\",\"@id\":\"https:\/\/balidecor.net\/products\/dekorafit-el-yapimi-bali-semsiye\/\",\"url\":\"https:\/\/balidecor.net\/products\/dekorafit-el-yapimi-bali-semsiye\/\",\"name\":\"Beyaz Keten Mini Bali \u015eemsiyesi | El \u0130\u015f\u00e7ili\u011fi Ah\u015fap Ayakl\u0131 65\u202fcm - Bali Decor\",\"isPartOf\":{\"@id\":\"https:\/\/balidecor.net\/#website\"},\"primaryImageOfPage\":{\"@id\":\"https:\/\/balidecor.net\/products\/dekorafit-el-yapimi-bali-semsiye\/#primaryimage\"},\"image\":{\"@id\":\"https:\/\/balidecor.net\/products\/dekorafit-el-yapimi-bali-semsiye\/#primaryimage\"},\"thumbnailUrl\":\"https:\/\/balidecor.net\/wp-content\/uploads\/2024\/12\/bali-s\u0327emsiye-65-cm.jpg\",\"datePublished\":\"2024-12-02T21:31:39+00:00\",\"dateModified\":\"2026-03-18T08:23:12+00:00\",\"description\":\"Dayan\u0131kl\u0131 kuma\u015f ve ah\u015fap detaylar\u0131yla tasarlanan bu \u015f\u0131k \u00fcr\u00fcn, zamans\u0131z tasar\u0131m\u0131yla her k\u0131yafete uyum sa\u011flar. Do\u011faya duyarl\u0131 ve uzun \u00f6m\u00fcrl\u00fc kullan\u0131m sunar.\",\"breadcrumb\":{\"@id\":\"https:\/\/balidecor.net\/products\/dekorafit-el-yapimi-bali-semsiye\/#breadcrumb\"},\"inLanguage\":\"en-US\",\"potentialAction\":[{\"@type\":\"ReadAction\",\"target\":[\"https:\/\/balidecor.net\/products\/dekorafit-el-yapimi-bali-semsiye\/\"]}]},{\"@type\":\"ImageObject\",\"inLanguage\":\"en-US\",\"@id\":\"https:\/\/balidecor.net\/products\/dekorafit-el-yapimi-bali-semsiye\/#primaryimage\",\"url\":\"https:\/\/balidecor.net\/wp-content\/uploads\/2024\/12\/bali-s\u0327emsiye-65-cm.jpg\",\"contentUrl\":\"https:\/\/balidecor.net\/wp-content\/uploads\/2024\/12\/bali-s\u0327emsiye-65-cm.jpg\",\"width\":1792,\"height\":2400,\"caption\":\"Bali\u2019den ilham alan, geleneksel el i\u015f\u00e7ili\u011fiyle \u00fcretilmi\u015f mini \u015femsiye\"},{\"@type\":\"BreadcrumbList\",\"@id\":\"https:\/\/balidecor.net\/products\/dekorafit-el-yapimi-bali-semsiye\/#breadcrumb\",\"itemListElement\":[{\"@type\":\"ListItem\",\"position\":1,\"name\":\"Ev\",\"item\":\"https:\/\/balidecor.net\/\"},{\"@type\":\"ListItem\",\"position\":2,\"name\":\"Shop\",\"item\":\"https:\/\/balidecor.net\/shop\/\"},{\"@type\":\"ListItem\",\"position\":3,\"name\":\"DEKORAT\u0130F \u015eEMS\u0130YE\",\"item\":\"https:\/\/balidecor.net\/product-category\/dekoratif-semsiye\/\"},{\"@type\":\"ListItem\",\"position\":4,\"name\":\"Beyaz Keten Mini Bali \u015eemsiyesi...\"}]},{\"@type\":\"WebSite\",\"@id\":\"https:\/\/balidecor.net\/#website\",\"url\":\"https:\/\/balidecor.net\/\",\"name\":\"Bali Decor\",\"description\":\"\",\"publisher\":{\"@id\":\"https:\/\/balidecor.net\/#organization\"},\"potentialAction\":[{\"@type\":\"SearchAction\",\"target\":{\"@type\":\"EntryPoint\",\"urlTemplate\":\"https:\/\/balidecor.net\/?s={search_term_string}\"},\"query-input\":{\"@type\":\"PropertyValueSpecification\",\"valueRequired\":true,\"valueName\":\"search_term_string\"}}],\"inLanguage\":\"en-US\"},{\"@type\":\"Organization\",\"@id\":\"https:\/\/balidecor.net\/#organization\",\"name\":\"Bali Decor\",\"url\":\"https:\/\/balidecor.net\/\",\"logo\":{\"@type\":\"ImageObject\",\"inLanguage\":\"en-US\",\"@id\":\"https:\/\/balidecor.net\/#\/schema\/logo\/image\/\",\"url\":\"https:\/\/balidecor.net\/wp-content\/uploads\/2024\/02\/cropped-cropped-cropped-Rectangle-3-1-1-2.png\",\"contentUrl\":\"https:\/\/balidecor.net\/wp-content\/uploads\/2024\/02\/cropped-cropped-cropped-Rectangle-3-1-1-2.png\",\"width\":149,\"height\":109,\"caption\":\"Bali Decor\"},\"image\":{\"@id\":\"https:\/\/balidecor.net\/#\/schema\/logo\/image\/\"},\"sameAs\":[\"https:\/\/www.instagram.com\/baliidecor\"]}]}<\/script>\n<!-- \/ Yoast SEO plugin. -->","yoast_head_json":{"title":"Beyaz Keten Mini Bali \u015eemsiyesi | El \u0130\u015f\u00e7ili\u011fi Ah\u015fap Ayakl\u0131 65\u202fcm - Bali Decor","description":"Dayan\u0131kl\u0131 kuma\u015f ve ah\u015fap detaylar\u0131yla tasarlanan bu \u015f\u0131k \u00fcr\u00fcn, zamans\u0131z tasar\u0131m\u0131yla her k\u0131yafete uyum sa\u011flar. Do\u011faya duyarl\u0131 ve uzun \u00f6m\u00fcrl\u00fc kullan\u0131m sunar.","robots":{"index":"index","follow":"follow","max-snippet":"max-snippet:-1","max-image-preview":"max-image-preview:large","max-video-preview":"max-video-preview:-1"},"canonical":"https:\/\/balidecor.net\/en\/products\/dekorafit-el-yapimi-bali-semsiye\/","og_locale":"en_US","og_type":"article","og_title":"Beyaz Keten Mini Bali \u015eemsiyesi | El \u0130\u015f\u00e7ili\u011fi Ah\u015fap Ayakl\u0131 65\u202fcm - Bali Decor","og_description":"Dayan\u0131kl\u0131 kuma\u015f ve ah\u015fap detaylar\u0131yla tasarlanan bu \u015f\u0131k \u00fcr\u00fcn, zamans\u0131z tasar\u0131m\u0131yla her k\u0131yafete uyum sa\u011flar. Do\u011faya duyarl\u0131 ve uzun \u00f6m\u00fcrl\u00fc kullan\u0131m sunar.","og_url":"https:\/\/balidecor.net\/en\/products\/dekorafit-el-yapimi-bali-semsiye\/","og_site_name":"Bali Decor","article_modified_time":"2026-03-18T08:23:12+00:00","og_image":[{"width":1792,"height":2400,"url":"https:\/\/balidecor.net\/wp-content\/uploads\/2024\/12\/bali-s\u0327emsiye-65-cm.jpg","type":"image\/jpeg"}],"twitter_card":"summary_large_image","twitter_misc":{"Est. reading time":"1 minute"},"schema":{"@context":"https:\/\/schema.org","@graph":[{"@type":"WebPage","@id":"https:\/\/balidecor.net\/products\/dekorafit-el-yapimi-bali-semsiye\/","url":"https:\/\/balidecor.net\/products\/dekorafit-el-yapimi-bali-semsiye\/","name":"Beyaz Keten Mini Bali \u015eemsiyesi | El \u0130\u015f\u00e7ili\u011fi Ah\u015fap Ayakl\u0131 65\u202fcm - Bali Decor","isPartOf":{"@id":"https:\/\/balidecor.net\/#website"},"primaryImageOfPage":{"@id":"https:\/\/balidecor.net\/products\/dekorafit-el-yapimi-bali-semsiye\/#primaryimage"},"image":{"@id":"https:\/\/balidecor.net\/products\/dekorafit-el-yapimi-bali-semsiye\/#primaryimage"},"thumbnailUrl":"https:\/\/balidecor.net\/wp-content\/uploads\/2024\/12\/bali-s\u0327emsiye-65-cm.jpg","datePublished":"2024-12-02T21:31:39+00:00","dateModified":"2026-03-18T08:23:12+00:00","description":"Dayan\u0131kl\u0131 kuma\u015f ve ah\u015fap detaylar\u0131yla tasarlanan bu \u015f\u0131k \u00fcr\u00fcn, zamans\u0131z tasar\u0131m\u0131yla her k\u0131yafete uyum sa\u011flar. Do\u011faya duyarl\u0131 ve uzun \u00f6m\u00fcrl\u00fc kullan\u0131m sunar.","breadcrumb":{"@id":"https:\/\/balidecor.net\/products\/dekorafit-el-yapimi-bali-semsiye\/#breadcrumb"},"inLanguage":"en-US","potentialAction":[{"@type":"ReadAction","target":["https:\/\/balidecor.net\/products\/dekorafit-el-yapimi-bali-semsiye\/"]}]},{"@type":"ImageObject","inLanguage":"en-US","@id":"https:\/\/balidecor.net\/products\/dekorafit-el-yapimi-bali-semsiye\/#primaryimage","url":"https:\/\/balidecor.net\/wp-content\/uploads\/2024\/12\/bali-s\u0327emsiye-65-cm.jpg","contentUrl":"https:\/\/balidecor.net\/wp-content\/uploads\/2024\/12\/bali-s\u0327emsiye-65-cm.jpg","width":1792,"height":2400,"caption":"Bali\u2019den ilham alan, geleneksel el i\u015f\u00e7ili\u011fiyle \u00fcretilmi\u015f mini \u015femsiye"},{"@type":"BreadcrumbList","@id":"https:\/\/balidecor.net\/products\/dekorafit-el-yapimi-bali-semsiye\/#breadcrumb","itemListElement":[{"@type":"ListItem","position":1,"name":"Ev","item":"https:\/\/balidecor.net\/"},{"@type":"ListItem","position":2,"name":"Shop","item":"https:\/\/balidecor.net\/shop\/"},{"@type":"ListItem","position":3,"name":"DEKORAT\u0130F \u015eEMS\u0130YE","item":"https:\/\/balidecor.net\/product-category\/dekoratif-semsiye\/"},{"@type":"ListItem","position":4,"name":"Beyaz Keten Mini Bali \u015eemsiyesi..."}]},{"@type":"WebSite","@id":"https:\/\/balidecor.net\/#website","url":"https:\/\/balidecor.net\/","name":"Bali Decor","description":"","publisher":{"@id":"https:\/\/balidecor.net\/#organization"},"potentialAction":[{"@type":"SearchAction","target":{"@type":"EntryPoint","urlTemplate":"https:\/\/balidecor.net\/?s={search_term_string}"},"query-input":{"@type":"PropertyValueSpecification","valueRequired":true,"valueName":"search_term_string"}}],"inLanguage":"en-US"},{"@type":"Organization","@id":"https:\/\/balidecor.net\/#organization","name":"Bali Decor","url":"https:\/\/balidecor.net\/","logo":{"@type":"ImageObject","inLanguage":"en-US","@id":"https:\/\/balidecor.net\/#\/schema\/logo\/image\/","url":"https:\/\/balidecor.net\/wp-content\/uploads\/2024\/02\/cropped-cropped-cropped-Rectangle-3-1-1-2.png","contentUrl":"https:\/\/balidecor.net\/wp-content\/uploads\/2024\/02\/cropped-cropped-cropped-Rectangle-3-1-1-2.png","width":149,"height":109,"caption":"Bali Decor"},"image":{"@id":"https:\/\/balidecor.net\/#\/schema\/logo\/image\/"},"sameAs":["https:\/\/www.instagram.com\/baliidecor"]}]}},"_links":{"self":[{"href":"https:\/\/balidecor.net\/en\/wp-json\/wp\/v2\/product\/1474","targetHints":{"allow":["GET"]}}],"collection":[{"href":"https:\/\/balidecor.net\/en\/wp-json\/wp\/v2\/product"}],"about":[{"href":"https:\/\/balidecor.net\/en\/wp-json\/wp\/v2\/types\/product"}],"replies":[{"embeddable":true,"href":"https:\/\/balidecor.net\/en\/wp-json\/wp\/v2\/comments?post=1474"}],"wp:featuredmedia":[{"embeddable":true,"href":"https:\/\/balidecor.net\/en\/wp-json\/wp\/v2\/media\/2466"}],"wp:attachment":[{"href":"https:\/\/balidecor.net\/en\/wp-json\/wp\/v2\/media?parent=1474"}],"wp:term":[{"taxonomy":"product_brand","embeddable":true,"href":"https:\/\/balidecor.net\/en\/wp-json\/wp\/v2\/product_brand?post=1474"},{"taxonomy":"product_cat","embeddable":true,"href":"https:\/\/balidecor.net\/en\/wp-json\/wp\/v2\/product_cat?post=1474"},{"taxonomy":"product_tag","embeddable":true,"href":"https:\/\/balidecor.net\/en\/wp-json\/wp\/v2\/product_tag?post=1474"}],"curies":[{"name":"wp","href":"https:\/\/api.w.org\/{rel}","templated":true}]}}