{"id":2279,"date":"2025-10-17T04:48:32","date_gmt":"2025-10-17T04:48:32","guid":{"rendered":"https:\/\/balidecor.net\/?post_type=product&#038;p=2279"},"modified":"2026-04-02T07:29:03","modified_gmt":"2026-04-02T04:29:03","slug":"rattan-yatak-basligi-160-cm-dogal-el-isciligi-bali-dekor","status":"publish","type":"product","link":"https:\/\/balidecor.net\/en\/products\/rattan-yatak-basligi-160-cm-dogal-el-isciligi-bali-dekor\/","title":{"rendered":"Rattan \u00c7ift Ki\u015filik Baza Yatak..."},"content":{"rendered":"<p>Do\u011fal rattan dokusunun s\u0131cakl\u0131\u011f\u0131yla yatak odalar\u0131n\u0131za huzur ve do\u011fall\u0131k kat\u0131n.<br \/>\nTamamen el i\u015f\u00e7ili\u011fiyle \u00fcretilen bu 160 cm geni\u015fli\u011findeki \u00e7ift ki\u015filik rattan yatak ba\u015fl\u0131\u011f\u0131,<br \/>\nBali adas\u0131n\u0131n \u00f6zg\u00fcn zanaatkarl\u0131k gelene\u011fini evinize ta\u015f\u0131r.<\/p>\n<p>Kendine \u00f6zg\u00fc \u00f6rg\u00fc formu sayesinde her par\u00e7a e\u015fsizdir.<br \/>\nDuvara monte edilerek kolayca sabitlenebilir, baza veya karyola arkas\u0131na uyumludur.<br \/>\nYumu\u015fak tonlar\u0131 ve do\u011fal y\u00fczeyiyle bohem, minimal ve Akdeniz tarz\u0131 dekorasyonlara m\u00fckemmel uyum sa\u011flar.<\/p>","protected":false},"excerpt":{"rendered":"<p>Do\u011fal rattan\u0131n s\u0131cak dokusuyla yatak odan\u0131za huzur kat\u0131n.<br \/>\n160 cm geni\u015fli\u011findeki bu el i\u015f\u00e7ili\u011fi yatak ba\u015fl\u0131\u011f\u0131, Bali zanaatk\u00e2rlar\u0131n\u0131n do\u011fadan ilham alan tasar\u0131m\u0131d\u0131r.<br \/>\nBohem, Akdeniz ve minimal tarzlara m\u00fckemmel uyum sa\u011flar.<\/p>","protected":false},"featured_media":2397,"comment_status":"open","ping_status":"closed","template":"","meta":{"_monsterinsights_skip_tracking":false,"_monsterinsights_sitenote_active":false,"_monsterinsights_sitenote_note":"","_monsterinsights_sitenote_category":0},"product_brand":[],"product_cat":[337],"product_tag":[],"class_list":{"0":"post-2279","1":"product","2":"type-product","3":"status-publish","4":"has-post-thumbnail","6":"product_cat-yatak-baza-basligi","8":"first","9":"instock","10":"sale","11":"taxable","12":"shipping-taxable","13":"purchasable","14":"product-type-simple"},"yoast_head":"<!-- This site is optimized with the Yoast SEO plugin v26.7 - https:\/\/yoast.com\/wordpress\/plugins\/seo\/ -->\n<title>Rattan \u00c7ift Ki\u015filik Baza Yatak B\u015fl\u0131\u011f\u0131 160 cm - Bali Decor<\/title>\n<meta name=\"description\" content=\"160 cm geni\u015fli\u011finde el i\u015f\u00e7ili\u011fi rattan yatak ba\u015fl\u0131\u011f\u0131 ile yatak odan\u0131zda do\u011fall\u0131\u011f\u0131 ke\u015ffedin.Bohem ve minimal tarz\u0131n birle\u015fimi Bali Decor koleksiyonunda.\" \/>\n<meta name=\"robots\" content=\"index, follow, max-snippet:-1, max-image-preview:large, max-video-preview:-1\" \/>\n<link rel=\"canonical\" href=\"https:\/\/balidecor.net\/en\/products\/rattan-yatak-basligi-160-cm-dogal-el-isciligi-bali-dekor\/\" \/>\n<meta property=\"og:locale\" content=\"en_US\" \/>\n<meta property=\"og:type\" content=\"article\" \/>\n<meta property=\"og:title\" content=\"Rattan \u00c7ift Ki\u015filik Baza Yatak B\u015fl\u0131\u011f\u0131 160 cm - Bali Decor\" \/>\n<meta property=\"og:description\" content=\"160 cm geni\u015fli\u011finde el i\u015f\u00e7ili\u011fi rattan yatak ba\u015fl\u0131\u011f\u0131 ile yatak odan\u0131zda do\u011fall\u0131\u011f\u0131 ke\u015ffedin.Bohem ve minimal tarz\u0131n birle\u015fimi Bali Decor koleksiyonunda.\" \/>\n<meta property=\"og:url\" content=\"https:\/\/balidecor.net\/en\/products\/rattan-yatak-basligi-160-cm-dogal-el-isciligi-bali-dekor\/\" \/>\n<meta property=\"og:site_name\" content=\"Bali Decor\" \/>\n<meta property=\"article:modified_time\" content=\"2026-04-02T04:29:03+00:00\" \/>\n<meta property=\"og:image\" content=\"https:\/\/balidecor.net\/wp-content\/uploads\/2025\/10\/18ED1466-8716-4593-B320-4DF0DFB78386-683x1024.png\" \/>\n\t<meta property=\"og:image:width\" content=\"683\" \/>\n\t<meta property=\"og:image:height\" content=\"1024\" \/>\n\t<meta property=\"og:image:type\" content=\"image\/png\" \/>\n<meta name=\"twitter:card\" content=\"summary_large_image\" \/>\n<meta name=\"twitter:label1\" content=\"Est. reading time\" \/>\n\t<meta name=\"twitter:data1\" content=\"1 minute\" \/>\n<script type=\"application\/ld+json\" class=\"yoast-schema-graph\">{\"@context\":\"https:\/\/schema.org\",\"@graph\":[{\"@type\":\"WebPage\",\"@id\":\"https:\/\/balidecor.net\/products\/rattan-yatak-basligi-160-cm-dogal-el-isciligi-bali-dekor\/\",\"url\":\"https:\/\/balidecor.net\/products\/rattan-yatak-basligi-160-cm-dogal-el-isciligi-bali-dekor\/\",\"name\":\"Rattan \u00c7ift Ki\u015filik Baza Yatak B\u015fl\u0131\u011f\u0131 160 cm - Bali Decor\",\"isPartOf\":{\"@id\":\"https:\/\/balidecor.net\/#website\"},\"primaryImageOfPage\":{\"@id\":\"https:\/\/balidecor.net\/products\/rattan-yatak-basligi-160-cm-dogal-el-isciligi-bali-dekor\/#primaryimage\"},\"image\":{\"@id\":\"https:\/\/balidecor.net\/products\/rattan-yatak-basligi-160-cm-dogal-el-isciligi-bali-dekor\/#primaryimage\"},\"thumbnailUrl\":\"https:\/\/balidecor.net\/wp-content\/uploads\/2025\/10\/18ED1466-8716-4593-B320-4DF0DFB78386.png\",\"datePublished\":\"2025-10-17T04:48:32+00:00\",\"dateModified\":\"2026-04-02T04:29:03+00:00\",\"description\":\"160 cm geni\u015fli\u011finde el i\u015f\u00e7ili\u011fi rattan yatak ba\u015fl\u0131\u011f\u0131 ile yatak odan\u0131zda do\u011fall\u0131\u011f\u0131 ke\u015ffedin.Bohem ve minimal tarz\u0131n birle\u015fimi Bali Decor koleksiyonunda.\",\"breadcrumb\":{\"@id\":\"https:\/\/balidecor.net\/products\/rattan-yatak-basligi-160-cm-dogal-el-isciligi-bali-dekor\/#breadcrumb\"},\"inLanguage\":\"en-US\",\"potentialAction\":[{\"@type\":\"ReadAction\",\"target\":[\"https:\/\/balidecor.net\/products\/rattan-yatak-basligi-160-cm-dogal-el-isciligi-bali-dekor\/\"]}]},{\"@type\":\"ImageObject\",\"inLanguage\":\"en-US\",\"@id\":\"https:\/\/balidecor.net\/products\/rattan-yatak-basligi-160-cm-dogal-el-isciligi-bali-dekor\/#primaryimage\",\"url\":\"https:\/\/balidecor.net\/wp-content\/uploads\/2025\/10\/18ED1466-8716-4593-B320-4DF0DFB78386.png\",\"contentUrl\":\"https:\/\/balidecor.net\/wp-content\/uploads\/2025\/10\/18ED1466-8716-4593-B320-4DF0DFB78386.png\",\"width\":1024,\"height\":1536,\"caption\":\"\u201c160 cm el i\u015f\u00e7ili\u011fi do\u011fal rattan yatak ba\u015fl\u0131\u011f\u0131 \u2013 Bali Decor.\u201d\"},{\"@type\":\"BreadcrumbList\",\"@id\":\"https:\/\/balidecor.net\/products\/rattan-yatak-basligi-160-cm-dogal-el-isciligi-bali-dekor\/#breadcrumb\",\"itemListElement\":[{\"@type\":\"ListItem\",\"position\":1,\"name\":\"Ev\",\"item\":\"https:\/\/balidecor.net\/\"},{\"@type\":\"ListItem\",\"position\":2,\"name\":\"Shop\",\"item\":\"https:\/\/balidecor.net\/shop\/\"},{\"@type\":\"ListItem\",\"position\":3,\"name\":\"YATAK BAZA BA\u015eLI\u011eI\",\"item\":\"https:\/\/balidecor.net\/product-category\/yatak-baza-basligi\/\"},{\"@type\":\"ListItem\",\"position\":4,\"name\":\"Rattan \u00c7ift Ki\u015filik Baza Yatak...\"}]},{\"@type\":\"WebSite\",\"@id\":\"https:\/\/balidecor.net\/#website\",\"url\":\"https:\/\/balidecor.net\/\",\"name\":\"Bali Decor\",\"description\":\"\",\"publisher\":{\"@id\":\"https:\/\/balidecor.net\/#organization\"},\"potentialAction\":[{\"@type\":\"SearchAction\",\"target\":{\"@type\":\"EntryPoint\",\"urlTemplate\":\"https:\/\/balidecor.net\/?s={search_term_string}\"},\"query-input\":{\"@type\":\"PropertyValueSpecification\",\"valueRequired\":true,\"valueName\":\"search_term_string\"}}],\"inLanguage\":\"en-US\"},{\"@type\":\"Organization\",\"@id\":\"https:\/\/balidecor.net\/#organization\",\"name\":\"Bali Decor\",\"url\":\"https:\/\/balidecor.net\/\",\"logo\":{\"@type\":\"ImageObject\",\"inLanguage\":\"en-US\",\"@id\":\"https:\/\/balidecor.net\/#\/schema\/logo\/image\/\",\"url\":\"https:\/\/balidecor.net\/wp-content\/uploads\/2024\/02\/cropped-cropped-cropped-Rectangle-3-1-1-2.png\",\"contentUrl\":\"https:\/\/balidecor.net\/wp-content\/uploads\/2024\/02\/cropped-cropped-cropped-Rectangle-3-1-1-2.png\",\"width\":149,\"height\":109,\"caption\":\"Bali Decor\"},\"image\":{\"@id\":\"https:\/\/balidecor.net\/#\/schema\/logo\/image\/\"},\"sameAs\":[\"https:\/\/www.instagram.com\/baliidecor\"]}]}<\/script>\n<!-- \/ Yoast SEO plugin. -->","yoast_head_json":{"title":"Rattan \u00c7ift Ki\u015filik Baza Yatak B\u015fl\u0131\u011f\u0131 160 cm - Bali Decor","description":"160 cm geni\u015fli\u011finde el i\u015f\u00e7ili\u011fi rattan yatak ba\u015fl\u0131\u011f\u0131 ile yatak odan\u0131zda do\u011fall\u0131\u011f\u0131 ke\u015ffedin.Bohem ve minimal tarz\u0131n birle\u015fimi Bali Decor koleksiyonunda.","robots":{"index":"index","follow":"follow","max-snippet":"max-snippet:-1","max-image-preview":"max-image-preview:large","max-video-preview":"max-video-preview:-1"},"canonical":"https:\/\/balidecor.net\/en\/products\/rattan-yatak-basligi-160-cm-dogal-el-isciligi-bali-dekor\/","og_locale":"en_US","og_type":"article","og_title":"Rattan \u00c7ift Ki\u015filik Baza Yatak B\u015fl\u0131\u011f\u0131 160 cm - Bali Decor","og_description":"160 cm geni\u015fli\u011finde el i\u015f\u00e7ili\u011fi rattan yatak ba\u015fl\u0131\u011f\u0131 ile yatak odan\u0131zda do\u011fall\u0131\u011f\u0131 ke\u015ffedin.Bohem ve minimal tarz\u0131n birle\u015fimi Bali Decor koleksiyonunda.","og_url":"https:\/\/balidecor.net\/en\/products\/rattan-yatak-basligi-160-cm-dogal-el-isciligi-bali-dekor\/","og_site_name":"Bali Decor","article_modified_time":"2026-04-02T04:29:03+00:00","og_image":[{"width":683,"height":1024,"url":"https:\/\/balidecor.net\/wp-content\/uploads\/2025\/10\/18ED1466-8716-4593-B320-4DF0DFB78386-683x1024.png","type":"image\/png"}],"twitter_card":"summary_large_image","twitter_misc":{"Est. reading time":"1 minute"},"schema":{"@context":"https:\/\/schema.org","@graph":[{"@type":"WebPage","@id":"https:\/\/balidecor.net\/products\/rattan-yatak-basligi-160-cm-dogal-el-isciligi-bali-dekor\/","url":"https:\/\/balidecor.net\/products\/rattan-yatak-basligi-160-cm-dogal-el-isciligi-bali-dekor\/","name":"Rattan \u00c7ift Ki\u015filik Baza Yatak B\u015fl\u0131\u011f\u0131 160 cm - Bali Decor","isPartOf":{"@id":"https:\/\/balidecor.net\/#website"},"primaryImageOfPage":{"@id":"https:\/\/balidecor.net\/products\/rattan-yatak-basligi-160-cm-dogal-el-isciligi-bali-dekor\/#primaryimage"},"image":{"@id":"https:\/\/balidecor.net\/products\/rattan-yatak-basligi-160-cm-dogal-el-isciligi-bali-dekor\/#primaryimage"},"thumbnailUrl":"https:\/\/balidecor.net\/wp-content\/uploads\/2025\/10\/18ED1466-8716-4593-B320-4DF0DFB78386.png","datePublished":"2025-10-17T04:48:32+00:00","dateModified":"2026-04-02T04:29:03+00:00","description":"160 cm geni\u015fli\u011finde el i\u015f\u00e7ili\u011fi rattan yatak ba\u015fl\u0131\u011f\u0131 ile yatak odan\u0131zda do\u011fall\u0131\u011f\u0131 ke\u015ffedin.Bohem ve minimal tarz\u0131n birle\u015fimi Bali Decor koleksiyonunda.","breadcrumb":{"@id":"https:\/\/balidecor.net\/products\/rattan-yatak-basligi-160-cm-dogal-el-isciligi-bali-dekor\/#breadcrumb"},"inLanguage":"en-US","potentialAction":[{"@type":"ReadAction","target":["https:\/\/balidecor.net\/products\/rattan-yatak-basligi-160-cm-dogal-el-isciligi-bali-dekor\/"]}]},{"@type":"ImageObject","inLanguage":"en-US","@id":"https:\/\/balidecor.net\/products\/rattan-yatak-basligi-160-cm-dogal-el-isciligi-bali-dekor\/#primaryimage","url":"https:\/\/balidecor.net\/wp-content\/uploads\/2025\/10\/18ED1466-8716-4593-B320-4DF0DFB78386.png","contentUrl":"https:\/\/balidecor.net\/wp-content\/uploads\/2025\/10\/18ED1466-8716-4593-B320-4DF0DFB78386.png","width":1024,"height":1536,"caption":"\u201c160 cm el i\u015f\u00e7ili\u011fi do\u011fal rattan yatak ba\u015fl\u0131\u011f\u0131 \u2013 Bali Decor.\u201d"},{"@type":"BreadcrumbList","@id":"https:\/\/balidecor.net\/products\/rattan-yatak-basligi-160-cm-dogal-el-isciligi-bali-dekor\/#breadcrumb","itemListElement":[{"@type":"ListItem","position":1,"name":"Ev","item":"https:\/\/balidecor.net\/"},{"@type":"ListItem","position":2,"name":"Shop","item":"https:\/\/balidecor.net\/shop\/"},{"@type":"ListItem","position":3,"name":"YATAK BAZA BA\u015eLI\u011eI","item":"https:\/\/balidecor.net\/product-category\/yatak-baza-basligi\/"},{"@type":"ListItem","position":4,"name":"Rattan \u00c7ift Ki\u015filik Baza Yatak..."}]},{"@type":"WebSite","@id":"https:\/\/balidecor.net\/#website","url":"https:\/\/balidecor.net\/","name":"Bali Decor","description":"","publisher":{"@id":"https:\/\/balidecor.net\/#organization"},"potentialAction":[{"@type":"SearchAction","target":{"@type":"EntryPoint","urlTemplate":"https:\/\/balidecor.net\/?s={search_term_string}"},"query-input":{"@type":"PropertyValueSpecification","valueRequired":true,"valueName":"search_term_string"}}],"inLanguage":"en-US"},{"@type":"Organization","@id":"https:\/\/balidecor.net\/#organization","name":"Bali Decor","url":"https:\/\/balidecor.net\/","logo":{"@type":"ImageObject","inLanguage":"en-US","@id":"https:\/\/balidecor.net\/#\/schema\/logo\/image\/","url":"https:\/\/balidecor.net\/wp-content\/uploads\/2024\/02\/cropped-cropped-cropped-Rectangle-3-1-1-2.png","contentUrl":"https:\/\/balidecor.net\/wp-content\/uploads\/2024\/02\/cropped-cropped-cropped-Rectangle-3-1-1-2.png","width":149,"height":109,"caption":"Bali Decor"},"image":{"@id":"https:\/\/balidecor.net\/#\/schema\/logo\/image\/"},"sameAs":["https:\/\/www.instagram.com\/baliidecor"]}]}},"_links":{"self":[{"href":"https:\/\/balidecor.net\/en\/wp-json\/wp\/v2\/product\/2279","targetHints":{"allow":["GET"]}}],"collection":[{"href":"https:\/\/balidecor.net\/en\/wp-json\/wp\/v2\/product"}],"about":[{"href":"https:\/\/balidecor.net\/en\/wp-json\/wp\/v2\/types\/product"}],"replies":[{"embeddable":true,"href":"https:\/\/balidecor.net\/en\/wp-json\/wp\/v2\/comments?post=2279"}],"wp:featuredmedia":[{"embeddable":true,"href":"https:\/\/balidecor.net\/en\/wp-json\/wp\/v2\/media\/2397"}],"wp:attachment":[{"href":"https:\/\/balidecor.net\/en\/wp-json\/wp\/v2\/media?parent=2279"}],"wp:term":[{"taxonomy":"product_brand","embeddable":true,"href":"https:\/\/balidecor.net\/en\/wp-json\/wp\/v2\/product_brand?post=2279"},{"taxonomy":"product_cat","embeddable":true,"href":"https:\/\/balidecor.net\/en\/wp-json\/wp\/v2\/product_cat?post=2279"},{"taxonomy":"product_tag","embeddable":true,"href":"https:\/\/balidecor.net\/en\/wp-json\/wp\/v2\/product_tag?post=2279"}],"curies":[{"name":"wp","href":"https:\/\/api.w.org\/{rel}","templated":true}]}}